 
{"id":192,"date":"2017-01-20T10:36:53","date_gmt":"2017-01-20T10:36:53","guid":{"rendered":"http:\/\/www.afa-bizkaia.com\/politica-de-privacidad\/"},"modified":"2017-01-20T11:27:49","modified_gmt":"2017-01-20T11:27:49","slug":"pribatutasun-politika","status":"publish","type":"page","link":"https:\/\/www.afa-bizkaia.com\/eu\/pribatutasun-politika\/","title":{"rendered":"Pribatutasun politika"},"content":{"rendered":"<h3>Confidencialidad y protecci\u00f3n de datos<\/h3>\n<p>A efecto de lo previsto en la Ley Org\u00e1nica 15\/1999, de 13 de diciembre, de Protecci\u00f3n de Datos de Car\u00e1cter Personal, ASOCIACI\u00d3N DE FAMILIARES DE PERSONAS ENFERMAS DE ALZHEIMER Y OTRAS DEMENCIAS DE BIZKAIA informa al Usuario\/a de la existencia de un fichero automatizado de datos de car\u00e1cter personal creado por y para ASOCIACI\u00d3N DE FAMILIARES DE PERSONAS ENFERMAS DE ALZHEIMER Y OTRAS DEMENCIAS DE BIZKAIA \u00a0y bajo su responsabilidad, con la finalidad de realizar el mantenimiento y gesti\u00f3n de la relaci\u00f3n con el Usuario, as\u00ed como las labores de informaci\u00f3n, formaci\u00f3n y comercializaci\u00f3n del servicio y de actividades relacionadas con los mismos. En el momento de la aceptaci\u00f3n de las presentes condiciones generales ASOCIACI\u00d3N DE FAMILIARES DE PERSONAS ENFERMAS DE ALZHEIMER Y OTRAS DEMENCIAS DE BIZKAIA precisar\u00e1 del Usuario\/a la recogida de unos datos imprescindibles para la prestaci\u00f3n de sus servicios.<\/p>\n<h3>Registro de ficheros y formularios<\/h3>\n<p>La cumplimentaci\u00f3n del formulario de registro es obligatoria para acceder y disfrutar de todos los servicios ofrecidos en la web. No obstante, para boletines informativos deber\u00e1 facilitar su direcci\u00f3n de e-mail y para el uso de determinados servicios bajo registro deber\u00e1 inscribirse como usuario\/a registrado de ASOCIACI\u00d3N DE FAMILIARES DE PERSONAS ENFERMAS DE ALZHEIMER Y OTRAS DEMENCIAS DE BIZKAIA \u00a0\u00a0El no facilitar los datos personales solicitados o el no aceptar la presente pol\u00edtica de protecci\u00f3n de datos supone la imposibilidad de suscribirse, registrarse o participar en cualquiera de las promociones en las que se soliciten datos car\u00e1cter personal.<\/p>\n<p>De acuerdo a lo establecido en la Ley Org\u00e1nica 15\/1999, de 13 de diciembre, de Protecci\u00f3n de Datos de Car\u00e1cter Personal, le informamos que los datos personales que se obtengan como consecuencia de su registro como Usuario, ser\u00e1n incorporados a un fichero titularidad de ASOCIACI\u00d3N DE FAMILIARES DE PERSONAS ENFERMAS DE ALZHEIMER Y OTRAS DEMENCIAS DE BIZKAIA, con C.I.F . G48429088 y sita en C\/Jose Maria Olabarri n\u00ba6 bajo-lonja 48001 Bilbao (Bizkaia) \u00a0teniendo implantadas las medidas de seguridad establecidas en el Real Decreto 994\/1999, de 11 de junio.<\/p>\n<p><strong>\u00a0<\/strong><\/p>\n<h3>Exactitud y veracidad de los datos facilitados<\/h3>\n<p>La persona usuaria registrada o suscriptora de boletines informativos es la \u00fanica responsable de la veracidad y correcci\u00f3n de los datos incluidos, exoner\u00e1ndose a ASOCIACI\u00d3N DE FAMILIARES DE PERSONA ENFERMAS DE ALZHEIMER Y OTRAS DEMENCIAS DE BIZKAIA de cualquier responsabilidad al respecto. Las personas usuarias garantizan y responden, en cualquier caso, de la exactitud, vigencia y autenticidad de los datos personales facilitados, y se comprometen a mantenerlos debidamente actualizados. La persona usuaria registrada o suscrita acepta proporcionar informaci\u00f3n completa y correcta en el formulario de registro o suscripci\u00f3n. \u00a0ASOCIACI\u00d3N DE FAMILIARES DE PERSONAS ENFERMAS DE ALZHEIMER Y OTRAS DEMENCIAS DE BIZKAIA no responde de la veracidad de las informaciones que no sean de elaboraci\u00f3n propia y de las que se indique otra fuente, por lo que tampoco asume responsabilidad alguna en cuanto a hipot\u00e9ticos perjuicios que pudieran originarse por el uso de dicha informaci\u00f3n, ASOCIACI\u00d3N DE FAMILIARES DE PERSONAS ENFERMAS DE ALZHEIMER Y OTRAS DEMENCIAS DE BIZKAIA se reserva el derecho a actualizar, modificar o eliminar la informaci\u00f3n contenida en sus p\u00e1ginas web pudiendo incluso limitar o no permitir el acceso a dicha informaci\u00f3n. Se exonera a ASOCIACI\u00d3N DE FAMILIARES DE PERSONAS ENFERMAS DE ALZHEIMER Y OTRAS DEMENCIAS DE BIZKAIA\u00a0 de responsabilidad ante cualquier da\u00f1o o perjuicio que pudiera sufrir la persona usuaria como consecuencia de errores, defectos u omisiones, en la informaci\u00f3n facilitada por \u00a0ASOCIACI\u00d3N DE FAMILIARES DE PERSONAS ENFERMAS DE ALZHEIMER Y OTRAS DEMENCIAS DE BIZKAIA siempre que proceda de fuentes ajenas a ASOCIACI\u00d3N DE FAMILIARES DE PERSONAS ENFERMAS DE ALZHEIMER Y OTRAS DEMENCIAS DE BIZKAIA<\/p>\n<h3>Finalidades<\/h3>\n<p>Las funciones de ASOCIACI\u00d3N DE FAMILIARES DE PERSONAS \u00a0ENFERMAS DE ALZHEIMER Y OTRAS DEMENCIAS DE BIZKAIA es la gesti\u00f3n de actividades relacionadas con personas con la enfermedad de Alzh\u00e9imer u otras demencias, la informaci\u00f3n y la comunicaci\u00f3n (en particular, las actividades relacionadas con Internet y cualesquiera otras redes, incluyendo actividades de acceso, actividades de producci\u00f3n, distribuci\u00f3n y\/o exhibici\u00f3n de contenidos propios o ajenos, actividades de portal y actividades de comercio electr\u00f3nico).<\/p>\n<h3>Menores de edad<\/h3>\n<p>En el supuesto que algunos de nuestros servicios vayan dirigidos espec\u00edficamente a menores de edad ASOCIACI\u00d3N DE FAMILIARES DE PERSONAS ENFERMAS DE ALZHEIMER Y OTRAS DEMENCIAS DE BIZKAIA solicitar\u00e1 la conformidad de los padres o tutores\/as para la recogida de los datos personales o, en su caso, para el tratamiento automatizado de los datos.<\/p>\n<h3>Cesi\u00f3n de datos a terceros<\/h3>\n<p>ASOCIACI\u00d3N DE FAMILIARES DE PERSONAS ENFERMAS DE ALZHEIMER Y OTRAS DEMENCIAS DE BIZKAIA\u00a0 no realizar\u00e1 cesi\u00f3n de datos de los usuarios a terceros.<\/p>\n<h3>Ejercicio de derechos de acceso, rectificaci\u00f3n, cancelaci\u00f3n y oposici\u00f3n<\/h3>\n<p>Podr\u00e1 dirigir sus comunicaciones y ejercitar los derechos de acceso, rectificaci\u00f3n, cancelaci\u00f3n y oposici\u00f3n en la direcci\u00f3n de correo electr\u00f3nico: info@afa-bizkaia.com, o bien por correo ordinario dirigido a ASOCIACI\u00d3N DE FAMILIARES DE PERSONAS ENFERMAS DE ALZHEIMER Y OTRAS DEMENCIAS DE BIZKAIA, C\/Jos\u00e9 M\u00aa Olabarri, 6 bajo &#8211; lonja,\u00a048001, Bilbao (Bizkaia) Para ejercer dichos derechos y en cumplimiento de la Instrucci\u00f3n 1\/1998, de 19 de enero, de la Agencia de Protecci\u00f3n de Datos, es necesario que usted acredite su personalidad frente a ASOCIACI\u00d3N DE FAMILIARES DE PERSONAS ENFERMAS DE ALZHEIMER Y OTRAS DEMENCIAS DE BIZKAIA mediante el env\u00edo de fotocopia de Documento Nacional de Identidad o cualquier otro medio v\u00e1lido en Derecho.<\/p>\n<h3>Medidas de seguridad<\/h3>\n<p>ASOCIACI\u00d3N DE FAMILIARES DE PERSONAS ENFERMAS DE ALZHEIMER Y OTRAS DEMENCIAS DE BIZKAIA, ha adoptado los niveles de seguridad de protecci\u00f3n de los Datos Personales legalmente requeridos, y procuran instalar aquellos otros medios y medidas t\u00e9cnicas adicionales a su alcance para evitar la p\u00e9rdida, mal uso, alteraci\u00f3n, acceso no autorizado y robo de los Datos Personales facilitados a ASOCIACI\u00d3N DE FAMILIARES DE PERSONAS ENFERMAS DE ALZHEIMER Y OTRAS DEMENCIAS DE BIZKAIA \u00a0\u00a0ASOCIACI\u00d3N DE FAMILIARES DE PERSONAS ENFERMAS DE ALZHEIMER Y OTRAS DEMENCIAS DE BIZKAIA no ser\u00e1 responsable de posibles da\u00f1os o perjuicios que se pudieran derivar de interferencias, omisiones, interrupciones, virus inform\u00e1ticos, aver\u00edas telef\u00f3nicas o desconexiones en el funcionamiento operativo de este sistema electr\u00f3nico, motivadas por causas ajenas a ASOCIACI\u00d3N DE FAMILIARES DE PERSONAS ENFERMAS DE ALZHEIMER Y OTRAS DEMENCIAS DE BIZKAIA, de retrasos o bloqueos en el uso del presente sistema electr\u00f3nico causados por deficiencias o sobrecargas de l\u00edneas telef\u00f3nicas o sobrecargas en el Centro de Procesos de Datos, en el sistema de Internet o en otros sistemas electr\u00f3nicos, as\u00ed como de da\u00f1os que puedan ser causados por terceras personas mediante intromisiones ileg\u00edtimas fuera del control de ASOCIACI\u00d3N DE FAMILIARES DE PERSONAS ENFERMAS DE ALZHEIMER Y OTRAS DEMENCIAS DE BIZKAIA. Ello no obstante, la persona usuaria debe ser consciente de que las medidas de seguridad en Internet no son inexpugnables.<\/p>\n<h3>Aceptaci\u00f3n y Consentimiento<\/h3>\n<p>La persona usuaria declara haber sido informada de las condiciones sobre protecci\u00f3n de datos personales, aceptando y consintiendo el tratamiento automatizado de los mismos por parte de ASOCIACI\u00d3N DE FAMILIARES DE PERSONAS ENFERMAS DE ALZHEIMER Y OTRAS DEMENCIAS DE BIZKAIA en la forma y para las finalidades indicadas en la presente Pol\u00edtica de Protecci\u00f3n de Datos Personales. Ciertos servicios prestados en el Portal pueden contener condiciones particulares con previsiones espec\u00edficas en materia de protecci\u00f3n de Datos Personales.<\/p>\n","protected":false},"excerpt":{"rendered":"<p>Confidencialidad y protecci\u00f3n de datos A efecto de lo previsto en la Ley Org\u00e1nica 15\/1999, de 13 de diciembre, de Protecci\u00f3n de Datos de Car\u00e1cter Personal, ASOCIACI\u00d3N DE FAMILIARES DE PERSONAS&#8230; <a class=\"newsReadmore\" href=\"https:\/\/www.afa-bizkaia.com\/eu\/pribatutasun-politika\/\">Gehiago<\/a><\/p>\n","protected":false},"author":1,"featured_media":0,"parent":0,"menu_order":0,"comment_status":"closed","ping_status":"closed","template":"","meta":{"_genesis_hide_title":false,"_genesis_hide_breadcrumbs":false,"_genesis_hide_singular_image":false,"_genesis_hide_footer_widgets":false,"_genesis_custom_body_class":"","_genesis_custom_post_class":"","_genesis_layout":"","footnotes":""},"class_list":{"0":"post-192","1":"page","2":"type-page","3":"status-publish","5":"entry"},"_links":{"self":[{"href":"https:\/\/www.afa-bizkaia.com\/eu\/wp-json\/wp\/v2\/pages\/192","targetHints":{"allow":["GET"]}}],"collection":[{"href":"https:\/\/www.afa-bizkaia.com\/eu\/wp-json\/wp\/v2\/pages"}],"about":[{"href":"https:\/\/www.afa-bizkaia.com\/eu\/wp-json\/wp\/v2\/types\/page"}],"author":[{"embeddable":true,"href":"https:\/\/www.afa-bizkaia.com\/eu\/wp-json\/wp\/v2\/users\/1"}],"replies":[{"embeddable":true,"href":"https:\/\/www.afa-bizkaia.com\/eu\/wp-json\/wp\/v2\/comments?post=192"}],"version-history":[{"count":0,"href":"https:\/\/www.afa-bizkaia.com\/eu\/wp-json\/wp\/v2\/pages\/192\/revisions"}],"wp:attachment":[{"href":"https:\/\/www.afa-bizkaia.com\/eu\/wp-json\/wp\/v2\/media?parent=192"}],"curies":[{"name":"wp","href":"https:\/\/api.w.org\/{rel}","templated":true}]}}